{"id":13064,"date":"2022-07-11T14:58:13","date_gmt":"2022-07-11T13:58:13","guid":{"rendered":"https:\/\/self-publishing.com\/?post_type=product&#038;p=13064"},"modified":"2025-02-24T15:33:28","modified_gmt":"2025-02-24T14:33:28","slug":"die-geschichte-von-der-irdenen-form-in-der-steinwueste-6","status":"publish","type":"product","link":"https:\/\/self-publishing.com\/es\/producto\/la-historia-del-molde-de-tierra-en-el-desierto-de-piedra-6\/","title":{"rendered":"La historia del molde de tierra en el desierto de piedra"},"content":{"rendered":"<p align=\"\\&quot;left\\&quot;\">La historia de la tierra<br \/>\nForma en el desierto de piedra es la historia de una joven llamada<br \/>\nSusanne Stanke. Las siete partes cuentan el desarrollo emocional<br \/>\nde una mujer que, debido a abusos sexuales en la infancia<br \/>\nse ha vuelto emocionalmente ciego. Esquizoide. Al ser consciente de su<br \/>\ntraum\u00e1tico pasado, consigue paso a paso<br \/>\npaso hacia el descubrimiento de su verdadero -y apasionado- yo.<\/p>","protected":false},"excerpt":{"rendered":"<p>Die Geschichte von der irdenen Form in der Steinw\u00fcste ist die Geschichte einer jungen Frau namens Susanne Stanke. Die sieben Teile erz\u00e4hlen die emotionale Entwicklung einer Frau, die aufgrund sexuellen Missbrauchs in der Kindheit gef\u00fchlsblind geworden ist. Schizoid. Indem sie sich ihrer traumatischen Vergangenheit stellt, gelingt es ihr Schritt f\u00fcr Schritt, ihr wahres \u2013 leidenschaftliches [&#8230;]<\/p>\n<p><a class=\"btn btn-secondary understrap-read-more-link\" href=\"https:\/\/self-publishing.com\/es\/producto\/la-historia-del-molde-de-tierra-en-el-desierto-de-piedra-6\/\">Leer m\u00e1s...<\/a><\/p>","protected":false},"featured_media":13061,"template":"","meta":{"footnotes":""},"product_brand":[],"product_cat":[1326,2816],"product_tag":[1850,289,1848,270,1849,1855],"class_list":{"0":"post-13064","1":"product","2":"type-product","3":"status-publish","4":"has-post-thumbnail","6":"product_cat-alle-buecher","7":"product_cat-literatur-fiktion","8":"product_tag-daliah-caterina-posegga","9":"product_tag-geschichte","10":"product_tag-irdene-form","11":"product_tag-psychologie","12":"product_tag-steinwueste","13":"product_tag-trauma","15":"first","16":"instock","17":"downloadable","18":"virtual","19":"taxable","20":"purchasable","21":"product-type-simple"},"_links":{"self":[{"href":"https:\/\/self-publishing.com\/es\/wp-json\/wp\/v2\/product\/13064","targetHints":{"allow":["GET"]}}],"collection":[{"href":"https:\/\/self-publishing.com\/es\/wp-json\/wp\/v2\/product"}],"about":[{"href":"https:\/\/self-publishing.com\/es\/wp-json\/wp\/v2\/types\/product"}],"version-history":[{"count":0,"href":"https:\/\/self-publishing.com\/es\/wp-json\/wp\/v2\/product\/13064\/revisions"}],"wp:featuredmedia":[{"embeddable":true,"href":"https:\/\/self-publishing.com\/es\/wp-json\/wp\/v2\/media\/13061"}],"wp:attachment":[{"href":"https:\/\/self-publishing.com\/es\/wp-json\/wp\/v2\/media?parent=13064"}],"wp:term":[{"taxonomy":"product_brand","embeddable":true,"href":"https:\/\/self-publishing.com\/es\/wp-json\/wp\/v2\/product_brand?post=13064"},{"taxonomy":"product_cat","embeddable":true,"href":"https:\/\/self-publishing.com\/es\/wp-json\/wp\/v2\/product_cat?post=13064"},{"taxonomy":"product_tag","embeddable":true,"href":"https:\/\/self-publishing.com\/es\/wp-json\/wp\/v2\/product_tag?post=13064"}],"curies":[{"name":"wp","href":"https:\/\/api.w.org\/{rel}","templated":true}]}}