{"id":23733,"date":"2025-03-05T13:32:07","date_gmt":"2025-03-05T12:32:07","guid":{"rendered":"https:\/\/self-publishing.com\/?post_type=product&#038;p=23733"},"modified":"2025-03-06T11:07:53","modified_gmt":"2025-03-06T10:07:53","slug":"macht-euch-der-erde-untertan","status":"publish","type":"product","link":"https:\/\/self-publishing.com\/es\/producto\/somete-la-tierra\/","title":{"rendered":"Someter la tierra"},"content":{"rendered":"<p>Nuestra Madre Tierra nunca estar\u00e1 al servicio de la humanidad. Una parte no peque\u00f1a de los habitantes del planeta considera a las personas, los animales y las plantas, as\u00ed como a nuestra base de vida, la \"Madre Tierra\", como \"recursos\", a menudo de forma arrogante y condescendiente hacia las personas que piensan y act\u00faan de forma hol\u00edstica.<\/p>\n<p>Habiendo crecido en medio de la agricultura y despu\u00e9s de cuarenta a\u00f1os como agricultor, treinta de ellos como agricultor ecol\u00f3gico, ahora veo nuestra base de vida, la \"Madre Tierra\", como parte del \"gran cuadro\", \u00a1o como la \u00fanica, tangible y visible \"parte de Dios\"!<\/p>","protected":false},"excerpt":{"rendered":"<p>Nuestra Madre Tierra nunca estar\u00e1 al servicio de la humanidad. Una parte no peque\u00f1a de los habitantes del planeta considera a las personas, los animales y las plantas, as\u00ed como a nuestra base de vida, la \"Madre Tierra\", como \"recursos\", a menudo de forma arrogante y condescendiente hacia las personas que piensan y act\u00faan de forma hol\u00edstica. Habiendo crecido en medio de la agricultura y tras cuarenta a\u00f1os como [...]<\/p>\n<p><a class=\"btn btn-secondary understrap-read-more-link\" href=\"https:\/\/self-publishing.com\/es\/producto\/somete-la-tierra\/\">Leer m\u00e1s...<\/a><\/p>","protected":false},"featured_media":23731,"template":"","meta":{"footnotes":""},"product_brand":[],"product_cat":[1326,74],"product_tag":[2845],"class_list":{"0":"post-23733","1":"product","2":"type-product","3":"status-publish","4":"has-post-thumbnail","6":"product_cat-alle-buecher","7":"product_cat-ratgeber","8":"product_tag-ganzheitliches-denken-und-handeln","10":"first","11":"instock","12":"downloadable","13":"virtual","14":"taxable","15":"purchasable","16":"product-type-simple"},"_links":{"self":[{"href":"https:\/\/self-publishing.com\/es\/wp-json\/wp\/v2\/product\/23733","targetHints":{"allow":["GET"]}}],"collection":[{"href":"https:\/\/self-publishing.com\/es\/wp-json\/wp\/v2\/product"}],"about":[{"href":"https:\/\/self-publishing.com\/es\/wp-json\/wp\/v2\/types\/product"}],"version-history":[{"count":0,"href":"https:\/\/self-publishing.com\/es\/wp-json\/wp\/v2\/product\/23733\/revisions"}],"wp:featuredmedia":[{"embeddable":true,"href":"https:\/\/self-publishing.com\/es\/wp-json\/wp\/v2\/media\/23731"}],"wp:attachment":[{"href":"https:\/\/self-publishing.com\/es\/wp-json\/wp\/v2\/media?parent=23733"}],"wp:term":[{"taxonomy":"product_brand","embeddable":true,"href":"https:\/\/self-publishing.com\/es\/wp-json\/wp\/v2\/product_brand?post=23733"},{"taxonomy":"product_cat","embeddable":true,"href":"https:\/\/self-publishing.com\/es\/wp-json\/wp\/v2\/product_cat?post=23733"},{"taxonomy":"product_tag","embeddable":true,"href":"https:\/\/self-publishing.com\/es\/wp-json\/wp\/v2\/product_tag?post=23733"}],"curies":[{"name":"wp","href":"https:\/\/api.w.org\/{rel}","templated":true}]}}