{"id":23756,"date":"2025-03-05T14:20:05","date_gmt":"2025-03-05T13:20:05","guid":{"rendered":"https:\/\/self-publishing.com\/?post_type=product&#038;p=23756"},"modified":"2025-03-06T11:05:29","modified_gmt":"2025-03-06T10:05:29","slug":"sammelband-von-gedichten-und-kurzgeschichten","status":"publish","type":"product","link":"https:\/\/self-publishing.com\/es\/producto\/antologia-de-poemas-y-relatos-cortos\/","title":{"rendered":"Colecci\u00f3n de poemas y relatos cortos"},"content":{"rendered":"<p>La vida es un verdadero sube y baja, que el autor ha tratado literariamente en sus relatos y poemas de los \u00faltimos a\u00f1os. El resultado es un popurr\u00ed de poemas y relatos que van de lo alegre y vital a lo triste y profundamente melanc\u00f3lico.<br \/>\n\"En un momento est\u00e1s leyendo un poema hermoso y alegre y al siguiente es profundamente triste y melanc\u00f3lico al mismo tiempo. Esta antolog\u00eda pretende inspirar la reflexi\u00f3n, abrir una nueva visi\u00f3n del mundo y reflejar todas las facetas de la vida.\" (Autor Jan Philip Thun)<\/p>","protected":false},"excerpt":{"rendered":"<p>Das Leben ein wahres Auf und Ab, das der Autor in den letzten Jahren literarisch in seinen Geschichten und Gedichten verarbeitet hat. Entstanden ist ein Potpourri an gleicherma\u00dfen fr\u00f6hlichen und lebensbejahenden hin zu traurigen und zutiefst melancholischen Gedichten und Kurzgeschichten. \u00bbEben liest man noch ein sch\u00f6nes, ein fr\u00f6hliches Gedicht und im n\u00e4chsten wird es wieder [&#8230;]<\/p>\n<p><a class=\"btn btn-secondary understrap-read-more-link\" href=\"https:\/\/self-publishing.com\/es\/producto\/antologia-de-poemas-y-relatos-cortos\/\">Leer m\u00e1s...<\/a><\/p>","protected":false},"featured_media":23754,"template":"","meta":{"footnotes":""},"product_brand":[],"product_cat":[1326,2816],"product_tag":[276],"class_list":{"0":"post-23756","1":"product","2":"type-product","3":"status-publish","4":"has-post-thumbnail","6":"product_cat-alle-buecher","7":"product_cat-literatur-fiktion","8":"product_tag-lyrik","10":"first","11":"instock","12":"downloadable","13":"virtual","14":"taxable","15":"purchasable","16":"product-type-simple"},"_links":{"self":[{"href":"https:\/\/self-publishing.com\/es\/wp-json\/wp\/v2\/product\/23756","targetHints":{"allow":["GET"]}}],"collection":[{"href":"https:\/\/self-publishing.com\/es\/wp-json\/wp\/v2\/product"}],"about":[{"href":"https:\/\/self-publishing.com\/es\/wp-json\/wp\/v2\/types\/product"}],"version-history":[{"count":0,"href":"https:\/\/self-publishing.com\/es\/wp-json\/wp\/v2\/product\/23756\/revisions"}],"wp:featuredmedia":[{"embeddable":true,"href":"https:\/\/self-publishing.com\/es\/wp-json\/wp\/v2\/media\/23754"}],"wp:attachment":[{"href":"https:\/\/self-publishing.com\/es\/wp-json\/wp\/v2\/media?parent=23756"}],"wp:term":[{"taxonomy":"product_brand","embeddable":true,"href":"https:\/\/self-publishing.com\/es\/wp-json\/wp\/v2\/product_brand?post=23756"},{"taxonomy":"product_cat","embeddable":true,"href":"https:\/\/self-publishing.com\/es\/wp-json\/wp\/v2\/product_cat?post=23756"},{"taxonomy":"product_tag","embeddable":true,"href":"https:\/\/self-publishing.com\/es\/wp-json\/wp\/v2\/product_tag?post=23756"}],"curies":[{"name":"wp","href":"https:\/\/api.w.org\/{rel}","templated":true}]}}