{"id":23874,"date":"2025-03-06T14:59:51","date_gmt":"2025-03-06T13:59:51","guid":{"rendered":"https:\/\/self-publishing.com\/?post_type=product&#038;p=23874"},"modified":"2025-03-06T14:59:53","modified_gmt":"2025-03-06T13:59:53","slug":"die-reise-durch-das-tal-der-gefuehle-ein-aussergewoehnlicher-und-heilender-dialog","status":"publish","type":"product","link":"https:\/\/self-publishing.com\/es\/producto\/el-viaje-por-el-valle-de-las-emociones-un-dialogo-extraordinario-y-sanador\/","title":{"rendered":"El viaje a trav\u00e9s del valle de las emociones: un di\u00e1logo extraordinario y sanador"},"content":{"rendered":"<p>Si te sientes dubitativo, triste, inseguro, insatisfecho o enfadado, no es casualidad. Puede que creas saber exactamente por qu\u00e9 te sientes as\u00ed. Pero en casi todos los casos, el verdadero origen est\u00e1 en otra parte. En lo m\u00e1s profundo de nuestro ser, reprimido y oculto.<\/p>\n<p>La autora S\u00f6rina Bauer tambi\u00e9n lo experiment\u00f3. En \"El viaje a trav\u00e9s del valle de las emociones\", comparte contigo c\u00f3mo una voz misteriosa se puso en contacto con ella y le mostr\u00f3 c\u00f3mo comunicarse con sus propios sentimientos, superar el valle de estas emociones desagradables y encontrar el camino de vuelta a s\u00ed misma.<\/p>\n<p>Porque si estamos dispuestos a escuchar con atenci\u00f3n, podemos liberarnos y convertirnos en la persona que ya somos en el fondo de nuestro coraz\u00f3n.<\/p>\n<p>Un regalo para cualquiera que quiera salir de su caos emocional.<\/p>","protected":false},"excerpt":{"rendered":"<p>Wenn du zweifelst, traurig, unsicher, unzufrieden oder w\u00fctend bist, kommt das nicht von ungef\u00e4hr. Vielleicht glaubst du genau zu wissen, warum du dich so f\u00fchlst. Doch der wahre Ursprung dessen liegt in fast allen F\u00e4llen ganz wo anders. Tief in uns, verdr\u00e4ngt und verborgen. Das durfte auch die Autorin S\u00f6rina Bauer erfahren. In \u00bbDie Reise [&#8230;]<\/p>\n<p><a class=\"btn btn-secondary understrap-read-more-link\" href=\"https:\/\/self-publishing.com\/es\/producto\/el-viaje-por-el-valle-de-las-emociones-un-dialogo-extraordinario-y-sanador\/\">Leer m\u00e1s...<\/a><\/p>","protected":false},"featured_media":23872,"template":"","meta":{"footnotes":""},"product_brand":[],"product_cat":[1326,74],"product_tag":[1961],"class_list":{"0":"post-23874","1":"product","2":"type-product","3":"status-publish","4":"has-post-thumbnail","6":"product_cat-alle-buecher","7":"product_cat-ratgeber","8":"product_tag-mentale-gesundheit","10":"first","11":"instock","12":"downloadable","13":"virtual","14":"taxable","15":"purchasable","16":"product-type-simple"},"_links":{"self":[{"href":"https:\/\/self-publishing.com\/es\/wp-json\/wp\/v2\/product\/23874","targetHints":{"allow":["GET"]}}],"collection":[{"href":"https:\/\/self-publishing.com\/es\/wp-json\/wp\/v2\/product"}],"about":[{"href":"https:\/\/self-publishing.com\/es\/wp-json\/wp\/v2\/types\/product"}],"version-history":[{"count":0,"href":"https:\/\/self-publishing.com\/es\/wp-json\/wp\/v2\/product\/23874\/revisions"}],"wp:featuredmedia":[{"embeddable":true,"href":"https:\/\/self-publishing.com\/es\/wp-json\/wp\/v2\/media\/23872"}],"wp:attachment":[{"href":"https:\/\/self-publishing.com\/es\/wp-json\/wp\/v2\/media?parent=23874"}],"wp:term":[{"taxonomy":"product_brand","embeddable":true,"href":"https:\/\/self-publishing.com\/es\/wp-json\/wp\/v2\/product_brand?post=23874"},{"taxonomy":"product_cat","embeddable":true,"href":"https:\/\/self-publishing.com\/es\/wp-json\/wp\/v2\/product_cat?post=23874"},{"taxonomy":"product_tag","embeddable":true,"href":"https:\/\/self-publishing.com\/es\/wp-json\/wp\/v2\/product_tag?post=23874"}],"curies":[{"name":"wp","href":"https:\/\/api.w.org\/{rel}","templated":true}]}}