{"id":24315,"date":"2025-03-17T13:26:33","date_gmt":"2025-03-17T12:26:33","guid":{"rendered":"https:\/\/self-publishing.com\/?post_type=product&#038;p=24315"},"modified":"2025-03-17T13:26:35","modified_gmt":"2025-03-17T12:26:35","slug":"der-baustein-des-universums-licht-hat-masse","status":"publish","type":"product","link":"https:\/\/self-publishing.com\/es\/producto\/el-componente-basico-del-universo-la-luz-tiene-masa\/","title":{"rendered":"El componente b\u00e1sico del universo: la luz tiene masa"},"content":{"rendered":"<p>El componente b\u00e1sico del universo es el fot\u00f3n. En este libro se re\u00fanen todos los hechos y el c\u00e1lculo de un fot\u00f3n apoya esta tesis: la luz tiene masa. Con un razonamiento l\u00f3gico, el autor es capaz incluso de aportar pruebas a la ciencia. La gravitaci\u00f3n es el campo electromagn\u00e9tico. Esta constataci\u00f3n es la verdadera evoluci\u00f3n de la f\u00edsica, combinada con la l\u00f3gica de Arist\u00f3teles y la f\u00f3rmula de Albert Einstein; E=mc\u00b2. \u00bfQu\u00e9 son los agujeros negros, c\u00f3mo se crea un sol o un pensamiento? La respuesta est\u00e1 en este libro. \u00bfFue la Tierra un sol?<\/p>","protected":false},"excerpt":{"rendered":"<p>Der Baustein des Universums ist das Photon. In diesem Buch werden alle Fakten zusammengef\u00fchrt und die Berechnung eines Photons unterst\u00fctzt diese These: Licht hat Masse. Mit logischen \u00dcberlegungen ist der Autor dazu in der Lage, der Wissenschaft sogar den Beweis zu liefern. Gravitation ist das elektromagnetische Feld. Diese Erkenntnis ist die wahre Evolution in der [&#8230;]<\/p>\n<p><a class=\"btn btn-secondary understrap-read-more-link\" href=\"https:\/\/self-publishing.com\/es\/producto\/el-componente-basico-del-universo-la-luz-tiene-masa\/\">Leer m\u00e1s...<\/a><\/p>","protected":false},"featured_media":24313,"template":"","meta":{"footnotes":""},"product_brand":[],"product_cat":[1326,2818],"product_tag":[2848],"class_list":{"0":"post-24315","1":"product","2":"type-product","3":"status-publish","4":"has-post-thumbnail","6":"product_cat-alle-buecher","7":"product_cat-naturwissenschaft-technik","8":"product_tag-schwarze-loecher","10":"first","11":"instock","12":"downloadable","13":"virtual","14":"taxable","15":"purchasable","16":"product-type-simple"},"_links":{"self":[{"href":"https:\/\/self-publishing.com\/es\/wp-json\/wp\/v2\/product\/24315","targetHints":{"allow":["GET"]}}],"collection":[{"href":"https:\/\/self-publishing.com\/es\/wp-json\/wp\/v2\/product"}],"about":[{"href":"https:\/\/self-publishing.com\/es\/wp-json\/wp\/v2\/types\/product"}],"version-history":[{"count":0,"href":"https:\/\/self-publishing.com\/es\/wp-json\/wp\/v2\/product\/24315\/revisions"}],"wp:featuredmedia":[{"embeddable":true,"href":"https:\/\/self-publishing.com\/es\/wp-json\/wp\/v2\/media\/24313"}],"wp:attachment":[{"href":"https:\/\/self-publishing.com\/es\/wp-json\/wp\/v2\/media?parent=24315"}],"wp:term":[{"taxonomy":"product_brand","embeddable":true,"href":"https:\/\/self-publishing.com\/es\/wp-json\/wp\/v2\/product_brand?post=24315"},{"taxonomy":"product_cat","embeddable":true,"href":"https:\/\/self-publishing.com\/es\/wp-json\/wp\/v2\/product_cat?post=24315"},{"taxonomy":"product_tag","embeddable":true,"href":"https:\/\/self-publishing.com\/es\/wp-json\/wp\/v2\/product_tag?post=24315"}],"curies":[{"name":"wp","href":"https:\/\/api.w.org\/{rel}","templated":true}]}}