{"id":24389,"date":"2025-03-18T12:59:09","date_gmt":"2025-03-18T11:59:09","guid":{"rendered":"https:\/\/self-publishing.com\/?post_type=product&#038;p=24389"},"modified":"2025-03-18T12:59:11","modified_gmt":"2025-03-18T11:59:11","slug":"ein-erwachsenes-baby-schonungslos-autobiografisch","status":"publish","type":"product","link":"https:\/\/self-publishing.com\/es\/producto\/un-bebe-adulto-implacablemente-autobiografico\/","title":{"rendered":"Un beb\u00e9 adulto: implacablemente autobiogr\u00e1fico"},"content":{"rendered":"<p>\u00bfQui\u00e9n soy en realidad?<\/p>\n<p>Un joven de 61 a\u00f1os que a\u00fan tiene muchas cosas planeadas para su vida.<br \/>\nMe gustar\u00eda ver un mundo en el que pudi\u00e9ramos hablar de TODO sin prejuicios.<br \/>\nEn mi caso, mi tendencia a la autopedofilia forma parte de ello.<\/p>\n<p>Sue\u00f1o delicado<\/p>\n<p>S\u00e9 mi beb\u00e9, bella dama,<br \/>\n\u00a1D\u00e9bil y completamente confiado a m\u00ed!<br \/>\nD\u00e9jate cuidar,<br \/>\nde que cuide tu piel.<br \/>\nTe envolver\u00e9 en pa\u00f1ales<br \/>\ny te cubra tiernamente,<br \/>\npara que puedas dormir sin preocupaciones,<br \/>\nmi dulce beb\u00e9, t\u00fa.<\/p>","protected":false},"excerpt":{"rendered":"<p>Wer bin ich eigentlich? Ein 61 Jahre junges Wesen, das noch viel vorhat in seinem Leben. Ich w\u00fcnsche mir eine Welt, in der vorurteilsfrei \u00fcber ALLES gesprochen werden kann. F\u00fcr mich geh\u00f6rt meine Neigung zur Autop\u00e4dophilie dazu. Zarter Traum Sei mein Baby, sch\u00f6ne Lady, Schwach und mir ganz anvertraut! Lass Dich einfach nur umsorgen, von [&#8230;]<\/p>\n<p><a class=\"btn btn-secondary understrap-read-more-link\" href=\"https:\/\/self-publishing.com\/es\/producto\/un-bebe-adulto-implacablemente-autobiografico\/\">Leer m\u00e1s...<\/a><\/p>","protected":false},"featured_media":24418,"template":"","meta":{"footnotes":""},"product_brand":[],"product_cat":[84],"product_tag":[176],"class_list":{"0":"post-24389","1":"product","2":"type-product","3":"status-publish","4":"has-post-thumbnail","6":"product_cat-biografien-erinnerungen","7":"product_tag-biografie","9":"first","10":"instock","11":"downloadable","12":"virtual","13":"taxable","14":"purchasable","15":"product-type-simple"},"_links":{"self":[{"href":"https:\/\/self-publishing.com\/es\/wp-json\/wp\/v2\/product\/24389","targetHints":{"allow":["GET"]}}],"collection":[{"href":"https:\/\/self-publishing.com\/es\/wp-json\/wp\/v2\/product"}],"about":[{"href":"https:\/\/self-publishing.com\/es\/wp-json\/wp\/v2\/types\/product"}],"version-history":[{"count":0,"href":"https:\/\/self-publishing.com\/es\/wp-json\/wp\/v2\/product\/24389\/revisions"}],"wp:featuredmedia":[{"embeddable":true,"href":"https:\/\/self-publishing.com\/es\/wp-json\/wp\/v2\/media\/24418"}],"wp:attachment":[{"href":"https:\/\/self-publishing.com\/es\/wp-json\/wp\/v2\/media?parent=24389"}],"wp:term":[{"taxonomy":"product_brand","embeddable":true,"href":"https:\/\/self-publishing.com\/es\/wp-json\/wp\/v2\/product_brand?post=24389"},{"taxonomy":"product_cat","embeddable":true,"href":"https:\/\/self-publishing.com\/es\/wp-json\/wp\/v2\/product_cat?post=24389"},{"taxonomy":"product_tag","embeddable":true,"href":"https:\/\/self-publishing.com\/es\/wp-json\/wp\/v2\/product_tag?post=24389"}],"curies":[{"name":"wp","href":"https:\/\/api.w.org\/{rel}","templated":true}]}}