{"id":24393,"date":"2025-03-18T12:56:36","date_gmt":"2025-03-18T11:56:36","guid":{"rendered":"https:\/\/self-publishing.com\/?post_type=product&#038;p=24393"},"modified":"2025-03-18T12:56:38","modified_gmt":"2025-03-18T11:56:38","slug":"die-lange-flucht-hat-nun-ein-ende","status":"publish","type":"product","link":"https:\/\/self-publishing.com\/es\/producto\/la-larga-huida-ha-llegado-a-su-fin\/","title":{"rendered":"La larga huida ha llegado a su fin"},"content":{"rendered":"<p>Mi idea b\u00e1sica al escribir esta biograf\u00eda fue expresada sucintamente por el antrop\u00f3logo Josef Pieper: \"La gente necesita ser recordada m\u00e1s de lo que necesita ser ense\u00f1ada. Se perjudica no s\u00f3lo por dejar de aprender, sino tambi\u00e9n por olvidar y perder algo indispensable.\"<\/p>\n<p>No nos limitamos a estudiar nuestro pasado, lo heredamos. Y la herencia no s\u00f3lo implica derechos de propiedad, sino tambi\u00e9n deberes de tutela como propiedad de los que nacen despu\u00e9s de nosotros o a\u00fan no han nacido. As\u00ed pues, cada uno de nosotros es una especie de pont\u00edfice, un constructor de puentes entre el pasado y el futuro.<\/p>","protected":false},"excerpt":{"rendered":"<p>Mein Grundgedanke beim Schreiben dieser Biografie wurde von dem Anthropologen Josef Pieper pr\u00e4gnant ausgedr\u00fcckt: \u201eDem Menschen ist es mehr vonn\u00f6ten, erinnert als belehrt zu werden. Er kommt nicht allein dadurch zu Schaden, dass er das Hinzulernen vers\u00e4umt, sondern auch dadurch, dass er etwas Unentbehrliches vergisst und verliert.\u201c Wir studieren unsere Vergangenheit nicht einfach, wir erben [&#8230;]<\/p>\n<p><a class=\"btn btn-secondary understrap-read-more-link\" href=\"https:\/\/self-publishing.com\/es\/producto\/la-larga-huida-ha-llegado-a-su-fin\/\">Leer m\u00e1s...<\/a><\/p>","protected":false},"featured_media":24391,"template":"","meta":{"footnotes":""},"product_brand":[],"product_cat":[1326,84],"product_tag":[714,640],"class_list":{"0":"post-24393","1":"product","2":"type-product","3":"status-publish","4":"has-post-thumbnail","6":"product_cat-alle-buecher","7":"product_cat-biografien-erinnerungen","8":"product_tag-vergangenheit","9":"product_tag-zukunft","11":"first","12":"instock","13":"downloadable","14":"virtual","15":"taxable","16":"purchasable","17":"product-type-simple"},"_links":{"self":[{"href":"https:\/\/self-publishing.com\/es\/wp-json\/wp\/v2\/product\/24393","targetHints":{"allow":["GET"]}}],"collection":[{"href":"https:\/\/self-publishing.com\/es\/wp-json\/wp\/v2\/product"}],"about":[{"href":"https:\/\/self-publishing.com\/es\/wp-json\/wp\/v2\/types\/product"}],"version-history":[{"count":0,"href":"https:\/\/self-publishing.com\/es\/wp-json\/wp\/v2\/product\/24393\/revisions"}],"wp:featuredmedia":[{"embeddable":true,"href":"https:\/\/self-publishing.com\/es\/wp-json\/wp\/v2\/media\/24391"}],"wp:attachment":[{"href":"https:\/\/self-publishing.com\/es\/wp-json\/wp\/v2\/media?parent=24393"}],"wp:term":[{"taxonomy":"product_brand","embeddable":true,"href":"https:\/\/self-publishing.com\/es\/wp-json\/wp\/v2\/product_brand?post=24393"},{"taxonomy":"product_cat","embeddable":true,"href":"https:\/\/self-publishing.com\/es\/wp-json\/wp\/v2\/product_cat?post=24393"},{"taxonomy":"product_tag","embeddable":true,"href":"https:\/\/self-publishing.com\/es\/wp-json\/wp\/v2\/product_tag?post=24393"}],"curies":[{"name":"wp","href":"https:\/\/api.w.org\/{rel}","templated":true}]}}