{"id":24399,"date":"2025-03-18T12:55:51","date_gmt":"2025-03-18T11:55:51","guid":{"rendered":"https:\/\/self-publishing.com\/?post_type=product&#038;p=24399"},"modified":"2025-03-18T12:55:53","modified_gmt":"2025-03-18T11:55:53","slug":"yongi-oder-die-kunst-einen-toast-zu-essen","status":"publish","type":"product","link":"https:\/\/self-publishing.com\/es\/producto\/yongi-o-el-arte-de-comer-una-tostada\/","title":{"rendered":"Yongi o el arte de comer tostadas"},"content":{"rendered":"<p>Cuando era ni\u00f1o, quer\u00eda comer arroz. Era demasiado peque\u00f1o para entender por qu\u00e9 no pod\u00edamos comer arroz. Las manos magulladas de mi madre tampoco me hac\u00edan pensar. S\u00f3lo pensaba: \"Supongo que es as\u00ed\". Un d\u00eda encontr\u00e9 la respuesta en la figura de una mujer rica que le compraba verduras a mi madre en el mercado. Fue entonces cuando me di cuenta de repente de las diferencias sociales. Mientras hac\u00eda apresuradamente las maletas el 12 de noviembre de 1974, me dije al subir a un avi\u00f3n detr\u00e1s de gente que lloraba, que s\u00f3lo hab\u00eda visto en fotos: \"\u00a1T\u00fa puedes!\". No sab\u00eda si lo que hac\u00eda o c\u00f3mo lo hac\u00eda era bueno. Pero memoric\u00e9 estas palabras en los momentos dif\u00edciles y cuando ten\u00eda ganas de llorar: \"\u00a1T\u00fa puedes!\".<\/p>","protected":false},"excerpt":{"rendered":"<p>Als ich ein Kind war, wollte ich Reis essen. Ich war zu klein, um zu verstehen, warum wir keinen Reis essen konnten. Auch die zerschundenen H\u00e4nde meiner Mutter brachten mich nicht zum Nachdenken. Ich dachte nur: \u201eDas ist wohl so.\u201c Die Antwort fand ich eines Tages in Gestalt einer reichen Frau, die bei meiner Mutter [&#8230;]<\/p>\n<p><a class=\"btn btn-secondary understrap-read-more-link\" href=\"https:\/\/self-publishing.com\/es\/producto\/yongi-o-el-arte-de-comer-una-tostada\/\">Leer m\u00e1s...<\/a><\/p>","protected":false},"featured_media":24397,"template":"","meta":{"footnotes":""},"product_brand":[],"product_cat":[1326,84],"product_tag":[396,2918],"class_list":{"0":"post-24399","1":"product","2":"type-product","3":"status-publish","4":"has-post-thumbnail","6":"product_cat-alle-buecher","7":"product_cat-biografien-erinnerungen","8":"product_tag-deutschland","9":"product_tag-korea","11":"first","12":"instock","13":"downloadable","14":"virtual","15":"taxable","16":"purchasable","17":"product-type-simple"},"_links":{"self":[{"href":"https:\/\/self-publishing.com\/es\/wp-json\/wp\/v2\/product\/24399","targetHints":{"allow":["GET"]}}],"collection":[{"href":"https:\/\/self-publishing.com\/es\/wp-json\/wp\/v2\/product"}],"about":[{"href":"https:\/\/self-publishing.com\/es\/wp-json\/wp\/v2\/types\/product"}],"version-history":[{"count":0,"href":"https:\/\/self-publishing.com\/es\/wp-json\/wp\/v2\/product\/24399\/revisions"}],"wp:featuredmedia":[{"embeddable":true,"href":"https:\/\/self-publishing.com\/es\/wp-json\/wp\/v2\/media\/24397"}],"wp:attachment":[{"href":"https:\/\/self-publishing.com\/es\/wp-json\/wp\/v2\/media?parent=24399"}],"wp:term":[{"taxonomy":"product_brand","embeddable":true,"href":"https:\/\/self-publishing.com\/es\/wp-json\/wp\/v2\/product_brand?post=24399"},{"taxonomy":"product_cat","embeddable":true,"href":"https:\/\/self-publishing.com\/es\/wp-json\/wp\/v2\/product_cat?post=24399"},{"taxonomy":"product_tag","embeddable":true,"href":"https:\/\/self-publishing.com\/es\/wp-json\/wp\/v2\/product_tag?post=24399"}],"curies":[{"name":"wp","href":"https:\/\/api.w.org\/{rel}","templated":true}]}}