{"id":24405,"date":"2025-03-18T12:55:05","date_gmt":"2025-03-18T11:55:05","guid":{"rendered":"https:\/\/self-publishing.com\/?post_type=product&#038;p=24405"},"modified":"2025-03-18T12:55:07","modified_gmt":"2025-03-18T11:55:07","slug":"indigoweiss","status":"publish","type":"product","link":"https:\/\/self-publishing.com\/es\/producto\/blanco-indigo\/","title":{"rendered":"Blanco \u00edndigo"},"content":{"rendered":"<p>Los l\u00edmites reales<\/p>\n<p>son los de nuestra lengua<\/p>\n<p>y comprensi\u00f3n:<\/p>\n<p>no s\u00f3lo la de las palabras,<\/p>\n<p>tambi\u00e9n los sentimientos,<\/p>\n<p>que les son inherentes<\/p>\n<p>y acompa\u00f1arlos.<\/p>\n<p>Rainer Hesse naci\u00f3 en K\u00f6nigsberg\/Prusia Oriental en 1938.<\/p>\n<p>Temprana inclinaci\u00f3n por la qu\u00edmica y los idiomas. La qu\u00edmica como pan de cada d\u00eda; la filosof\u00eda, las lenguas y la literatura como equilibrio. Pas\u00f3 la mayor parte de su vida laboral como analista y jefe de departamento en una empresa farmac\u00e9utica internacional. Adem\u00e1s de publicaciones monogr\u00e1ficas de poemas, participaci\u00f3n regular en antolog\u00edas y publicaciones individuales en diversas formas de verso. Preferencia por las formas po\u00e9ticas japonesas. Traductor literario de flamenco y neerland\u00e9s (Bart Mesotten, Luc Vanderhaeghen, Herman Van Rompuy, Marc May, etc.).<\/p>\n<p>Est\u00e1 profundamente comprometido con la idea europea y es ciudadano holand\u00e9s y alem\u00e1n. Vivi\u00f3 en \u00c1msterdam de 2000 a 2018. Hoy vive en Hamburgo.<\/p>","protected":false},"excerpt":{"rendered":"<p>Los verdaderos l\u00edmites son los de nuestro lenguaje y entendimiento: no s\u00f3lo de las palabras, sino tambi\u00e9n de los sentimientos que les son inherentes y les acompa\u00f1an. Rainer Hesse naci\u00f3 en K\u00f6nigsberg\/Prusia Oriental en 1938. Temprana inclinaci\u00f3n por la qu\u00edmica y los idiomas. La qu\u00edmica como pan de cada d\u00eda; la filosof\u00eda, las lenguas y la literatura como equilibrio. Pas\u00f3 la mayor parte de su vida laboral como analista [...]<\/p>\n<p><a class=\"btn btn-secondary understrap-read-more-link\" href=\"https:\/\/self-publishing.com\/es\/producto\/blanco-indigo\/\">Leer m\u00e1s...<\/a><\/p>","protected":false},"featured_media":24403,"template":"","meta":{"footnotes":""},"product_brand":[],"product_cat":[1326,2816],"product_tag":[295],"class_list":{"0":"post-24405","1":"product","2":"type-product","3":"status-publish","4":"has-post-thumbnail","6":"product_cat-alle-buecher","7":"product_cat-literatur-fiktion","8":"product_tag-gedichte","10":"first","11":"instock","12":"downloadable","13":"virtual","14":"taxable","15":"purchasable","16":"product-type-simple"},"_links":{"self":[{"href":"https:\/\/self-publishing.com\/es\/wp-json\/wp\/v2\/product\/24405","targetHints":{"allow":["GET"]}}],"collection":[{"href":"https:\/\/self-publishing.com\/es\/wp-json\/wp\/v2\/product"}],"about":[{"href":"https:\/\/self-publishing.com\/es\/wp-json\/wp\/v2\/types\/product"}],"version-history":[{"count":0,"href":"https:\/\/self-publishing.com\/es\/wp-json\/wp\/v2\/product\/24405\/revisions"}],"wp:featuredmedia":[{"embeddable":true,"href":"https:\/\/self-publishing.com\/es\/wp-json\/wp\/v2\/media\/24403"}],"wp:attachment":[{"href":"https:\/\/self-publishing.com\/es\/wp-json\/wp\/v2\/media?parent=24405"}],"wp:term":[{"taxonomy":"product_brand","embeddable":true,"href":"https:\/\/self-publishing.com\/es\/wp-json\/wp\/v2\/product_brand?post=24405"},{"taxonomy":"product_cat","embeddable":true,"href":"https:\/\/self-publishing.com\/es\/wp-json\/wp\/v2\/product_cat?post=24405"},{"taxonomy":"product_tag","embeddable":true,"href":"https:\/\/self-publishing.com\/es\/wp-json\/wp\/v2\/product_tag?post=24405"}],"curies":[{"name":"wp","href":"https:\/\/api.w.org\/{rel}","templated":true}]}}