{"id":24515,"date":"2025-03-19T12:37:06","date_gmt":"2025-03-19T11:37:06","guid":{"rendered":"https:\/\/self-publishing.com\/?post_type=product&#038;p=24515"},"modified":"2025-03-19T12:37:08","modified_gmt":"2025-03-19T11:37:08","slug":"himmuchrigeli","status":"publish","type":"product","link":"https:\/\/self-publishing.com\/es\/producto\/elmuchrigeli\/","title":{"rendered":"HIMMUCHRIGELI"},"content":{"rendered":"<p>Christian Studer - Verdingbub: \"A los diez a\u00f1os me acogieron en una familia de acogida en el L\u00e4ngenberg (una cadena de colinas sobre el valle del G\u00fcrbetal) como trabajador de bienvenida y limpiabotas para la familia y los vecinos... Hasta los veinte a\u00f1os, fui pe\u00f3n agr\u00edcola para mi propio padre en el alp en verano. Es importante se\u00f1alar en mi libro que no hablo mal ni deseo el mal a una sola persona, ni quiero ofender en modo alguno a nadie que mencione por su nombre. Al contrario: estoy agradecido a muchas personas por habernos ayudado una y otra vez en estas dif\u00edciles circunstancias. Por supuesto que hubo muchas cosas desagradables, pero \u00bfd\u00f3nde no las hubo? Con este libro quiero demostrar a quienes todav\u00eda hoy se r\u00eden y se burlan de mi \u00e9poca de ni\u00f1o que no tengo por qu\u00e9 esconderme de ninguna manera a pesar de esta \u00e9poca dif\u00edcil.\"<\/p>","protected":false},"excerpt":{"rendered":"<p>Christian Studer \u2013 Verdingbub: \u00bbIm Alter von zehn Jahren wurde ich zu einer Pflegefamilie auf den L\u00e4ngenberg (H\u00fcgelzug \u00fcber dem G\u00fcrbetal) gebracht, als willkommene Arbeitskraft und Schuhabtreter f\u00fcr die Familie und Nachbarn \u2026 Bis zum zwanzigsten Lebensjahr war ich im Sommer Knecht beim eigenen Vater auf der Alp. Wichtig in meinem Buch ist, dass ich [&#8230;]<\/p>\n<p><a class=\"btn btn-secondary understrap-read-more-link\" href=\"https:\/\/self-publishing.com\/es\/producto\/elmuchrigeli\/\">Leer m\u00e1s...<\/a><\/p>","protected":false},"featured_media":24513,"template":"","meta":{"footnotes":""},"product_brand":[],"product_cat":[1326,84],"product_tag":[2922],"class_list":{"0":"post-24515","1":"product","2":"type-product","3":"status-publish","4":"has-post-thumbnail","6":"product_cat-alle-buecher","7":"product_cat-biografien-erinnerungen","8":"product_tag-verdingbuben","10":"first","11":"instock","12":"downloadable","13":"virtual","14":"taxable","15":"purchasable","16":"product-type-simple"},"_links":{"self":[{"href":"https:\/\/self-publishing.com\/es\/wp-json\/wp\/v2\/product\/24515","targetHints":{"allow":["GET"]}}],"collection":[{"href":"https:\/\/self-publishing.com\/es\/wp-json\/wp\/v2\/product"}],"about":[{"href":"https:\/\/self-publishing.com\/es\/wp-json\/wp\/v2\/types\/product"}],"version-history":[{"count":0,"href":"https:\/\/self-publishing.com\/es\/wp-json\/wp\/v2\/product\/24515\/revisions"}],"wp:featuredmedia":[{"embeddable":true,"href":"https:\/\/self-publishing.com\/es\/wp-json\/wp\/v2\/media\/24513"}],"wp:attachment":[{"href":"https:\/\/self-publishing.com\/es\/wp-json\/wp\/v2\/media?parent=24515"}],"wp:term":[{"taxonomy":"product_brand","embeddable":true,"href":"https:\/\/self-publishing.com\/es\/wp-json\/wp\/v2\/product_brand?post=24515"},{"taxonomy":"product_cat","embeddable":true,"href":"https:\/\/self-publishing.com\/es\/wp-json\/wp\/v2\/product_cat?post=24515"},{"taxonomy":"product_tag","embeddable":true,"href":"https:\/\/self-publishing.com\/es\/wp-json\/wp\/v2\/product_tag?post=24515"}],"curies":[{"name":"wp","href":"https:\/\/api.w.org\/{rel}","templated":true}]}}