{"id":24558,"date":"2025-03-19T12:30:14","date_gmt":"2025-03-19T11:30:14","guid":{"rendered":"https:\/\/self-publishing.com\/?post_type=product&#038;p=24558"},"modified":"2025-03-19T12:30:17","modified_gmt":"2025-03-19T11:30:17","slug":"mythos-heimatnation","status":"publish","type":"product","link":"https:\/\/self-publishing.com\/es\/producto\/el-mito-de-la-patria\/","title":{"rendered":"El mito de la patria"},"content":{"rendered":"<p>Guerras, desigualdad global, calentamiento global, p\u00e9rdida de biodiversidad: los retos globales nos agitan. Sabemos c\u00f3mo resolverlos: globalmente. Pero rehuimos este \u00e1mbito y nos ce\u00f1imos ciegamente a nuestro pa\u00eds de origen. \u00bfA qu\u00e9 se debe?<\/p>\n<p>\u00bfQu\u00e9 es una naci\u00f3n? \u00bfUn \"pueblo\"? \u00bfLa lengua, la cultura, la historia? Nada de eso. Entonces, \u00bfqu\u00e9 tiene un efecto tan fuerte sobre nosotros? Es un impulso innato de nuestra evoluci\u00f3n: diferenciamos autom\u00e1ticamente entre nosotros mismos (ingroup - por ejemplo, dom\u00e9stico) y los dem\u00e1s (outgroup - por ejemplo, extranjero).<\/p>\n<p>Esto bloquea nuestra visi\u00f3n de las soluciones globales. \u00bfQu\u00e9 aspecto tienen? \u00bfY c\u00f3mo superamos los obst\u00e1culos nacionales que se interponen en nuestro camino para hacerlas tangibles?<\/p>\n<p>Markus Neuenschwander Bi\u00f3logo, planificador espacial, editor<\/p>\n<p>Franziska Teuscher Bi\u00f3loga, Cient\u00edfica Medioambiental, Directora Social de la Ciudad de Berna<\/p>\n<p>Liska Bernet M\u00e1ster en Cooperaci\u00f3n Internacional, Fundadora Glocal Roots<\/p>","protected":false},"excerpt":{"rendered":"<p>Guerras, desigualdad global, calentamiento global, p\u00e9rdida de biodiversidad: los retos globales nos agitan. Sabemos c\u00f3mo resolverlos: globalmente. Pero rehuimos este \u00e1mbito y nos ce\u00f1imos ciegamente a nuestro pa\u00eds de origen. \u00bfPor qu\u00e9? \u00bfQu\u00e9 es una naci\u00f3n? \u00bfUn \"pueblo\"? \u00bfLa lengua, la cultura, la historia? Nada de eso. \u00bfQu\u00e9 tiene entonces un efecto tan fuerte en [...]<\/p>\n<p><a class=\"btn btn-secondary understrap-read-more-link\" href=\"https:\/\/self-publishing.com\/es\/producto\/el-mito-de-la-patria\/\">Leer m\u00e1s...<\/a><\/p>","protected":false},"featured_media":24556,"template":"","meta":{"footnotes":""},"product_brand":[],"product_cat":[1326,89],"product_tag":[2937,2936,1084,2935],"class_list":{"0":"post-24558","1":"product","2":"type-product","3":"status-publish","4":"has-post-thumbnail","6":"product_cat-alle-buecher","7":"product_cat-politik-geschichte","8":"product_tag-globale-herausforderungen","9":"product_tag-klima","10":"product_tag-krieg","11":"product_tag-ungleichheit","13":"first","14":"instock","15":"downloadable","16":"virtual","17":"taxable","18":"purchasable","19":"product-type-simple"},"_links":{"self":[{"href":"https:\/\/self-publishing.com\/es\/wp-json\/wp\/v2\/product\/24558","targetHints":{"allow":["GET"]}}],"collection":[{"href":"https:\/\/self-publishing.com\/es\/wp-json\/wp\/v2\/product"}],"about":[{"href":"https:\/\/self-publishing.com\/es\/wp-json\/wp\/v2\/types\/product"}],"version-history":[{"count":0,"href":"https:\/\/self-publishing.com\/es\/wp-json\/wp\/v2\/product\/24558\/revisions"}],"wp:featuredmedia":[{"embeddable":true,"href":"https:\/\/self-publishing.com\/es\/wp-json\/wp\/v2\/media\/24556"}],"wp:attachment":[{"href":"https:\/\/self-publishing.com\/es\/wp-json\/wp\/v2\/media?parent=24558"}],"wp:term":[{"taxonomy":"product_brand","embeddable":true,"href":"https:\/\/self-publishing.com\/es\/wp-json\/wp\/v2\/product_brand?post=24558"},{"taxonomy":"product_cat","embeddable":true,"href":"https:\/\/self-publishing.com\/es\/wp-json\/wp\/v2\/product_cat?post=24558"},{"taxonomy":"product_tag","embeddable":true,"href":"https:\/\/self-publishing.com\/es\/wp-json\/wp\/v2\/product_tag?post=24558"}],"curies":[{"name":"wp","href":"https:\/\/api.w.org\/{rel}","templated":true}]}}