{"id":8367,"date":"2019-10-09T12:44:18","date_gmt":"2019-10-09T11:44:18","guid":{"rendered":"https:\/\/selfpubcom.wpengine.com\/?post_type=product&#038;p=8367"},"modified":"2025-02-25T09:54:46","modified_gmt":"2025-02-25T08:54:46","slug":"der-fast-kriminelle-akt","status":"publish","type":"product","link":"https:\/\/self-publishing.com\/es\/producto\/el-acto-casi-criminal\/","title":{"rendered":"El acto casi criminal"},"content":{"rendered":"<p>En este libro, el autor crea un arco que va de una bella narraci\u00f3n a una cr\u00edtica y una perspectiva. En un texto continuo, se\u00f1ala agravios, que presenta como contrapunto en su escritura. Tres relatos cortos, empezando por \"Der fast kriminelle Akt\" (El acto casi criminal), de 111 p\u00e1ginas, ofrecen la oportunidad de una lectura acogedora y un gran resumen. El libro termina con el cuento \"Drau\u00dfen ist es lieblich kalt\", una historia que encaja bien en tiempos ilustrados.<\/p>","protected":false},"excerpt":{"rendered":"<p>En este libro, el autor crea un arco que va de una bella narraci\u00f3n a una cr\u00edtica y una perspectiva. En un texto continuo, se\u00f1ala agravios, que presenta como contrapunto en su escritura. Tres relatos cortos, empezando por \"Der fast kriminelle Akt\" (El acto casi criminal), de 111 p\u00e1ginas, ofrecen la oportunidad de una lectura acogedora y un gran resumen. El libro termina con el relato corto \"Afuera es [...]<\/p>\n<p><a class=\"btn btn-secondary understrap-read-more-link\" href=\"https:\/\/self-publishing.com\/es\/producto\/el-acto-casi-criminal\/\">Leer m\u00e1s...<\/a><\/p>","protected":false},"featured_media":8399,"template":"","meta":{"footnotes":""},"product_brand":[],"product_cat":[1326,2816],"product_tag":[1187,478,1186,1189,171,1185,106,206,114,1184,1188,2673],"class_list":{"0":"post-8367","1":"product","2":"type-product","3":"status-publish","4":"has-post-thumbnail","6":"product_cat-alle-buecher","7":"product_cat-literatur-fiktion","8":"product_tag-detektiv","9":"product_tag-erzaehlung","10":"product_tag-europaeische-union","11":"product_tag-gediegenes-leben","12":"product_tag-gesellschaft","13":"product_tag-grossbritannien","14":"product_tag-krimi","15":"product_tag-kunst","16":"product_tag-liebe","17":"product_tag-menschen","18":"product_tag-polizei","19":"product_tag-sieglr-en","21":"first","22":"instock","23":"downloadable","24":"virtual","25":"taxable","26":"purchasable","27":"product-type-simple"},"_links":{"self":[{"href":"https:\/\/self-publishing.com\/es\/wp-json\/wp\/v2\/product\/8367","targetHints":{"allow":["GET"]}}],"collection":[{"href":"https:\/\/self-publishing.com\/es\/wp-json\/wp\/v2\/product"}],"about":[{"href":"https:\/\/self-publishing.com\/es\/wp-json\/wp\/v2\/types\/product"}],"version-history":[{"count":0,"href":"https:\/\/self-publishing.com\/es\/wp-json\/wp\/v2\/product\/8367\/revisions"}],"wp:featuredmedia":[{"embeddable":true,"href":"https:\/\/self-publishing.com\/es\/wp-json\/wp\/v2\/media\/8399"}],"wp:attachment":[{"href":"https:\/\/self-publishing.com\/es\/wp-json\/wp\/v2\/media?parent=8367"}],"wp:term":[{"taxonomy":"product_brand","embeddable":true,"href":"https:\/\/self-publishing.com\/es\/wp-json\/wp\/v2\/product_brand?post=8367"},{"taxonomy":"product_cat","embeddable":true,"href":"https:\/\/self-publishing.com\/es\/wp-json\/wp\/v2\/product_cat?post=8367"},{"taxonomy":"product_tag","embeddable":true,"href":"https:\/\/self-publishing.com\/es\/wp-json\/wp\/v2\/product_tag?post=8367"}],"curies":[{"name":"wp","href":"https:\/\/api.w.org\/{rel}","templated":true}]}}